{"id":9914,"date":"2022-04-07T22:58:00","date_gmt":"2022-04-07T20:58:00","guid":{"rendered":"https:\/\/alternativa.lv\/?post_type=jetpack-portfolio&#038;p=9914"},"modified":"2023-08-15T21:22:58","modified_gmt":"2023-08-15T19:22:58","slug":"our-suture-starts-today-training-course","status":"publish","type":"jetpack-portfolio","link":"https:\/\/alternativa.lv\/en\/portfolio\/our-suture-starts-today-training-course\/","title":{"rendered":"OUR FUTURE STARTS TODAY"},"content":{"rendered":"\n<div class=\"wp-block-columns alignwide is-layout-flex wp-container-core-columns-is-layout-34142c5b wp-block-columns-is-layout-flex\">\n<div class=\"wp-block-column is-layout-flow wp-block-column-is-layout-flow\" style=\"flex-basis:25%\">\n<p><strong>Training course Erasmus+<\/strong><\/p>\n\n\n\n<p><strong>for youthworkers and youthleaders<\/strong><\/p>\n\n\n\n<p><strong>June 18-25, 2022<\/strong><br>Peyia and Pano Arodes<\/p>\n\n\n\n<p><strong>CYPRUS<\/strong><\/p>\n\n\n\n<p><\/p>\n\n\n\n<p>PLEASE READ <strong><a href=\"https:\/\/alternativa.lv\/wp-content\/uploads\/2023\/08\/OFST-INFO-PACK.pdf\">INFO-PACK<\/a><\/strong> AND APPLY TILL MAY 10, 2022:<\/p>\n\n\n\n<p><\/p>\n\n\n\n<div class=\"wp-block-buttons is-layout-flex wp-block-buttons-is-layout-flex\">\n<div class=\"wp-block-button\"><a class=\"wp-block-button__link wp-element-button\" href=\"https:\/\/alternativa.lv\/en\/brivpratigajiem\/erasmus-apply\/\" style=\"border-radius:3px\" target=\"_blank\" rel=\"noreferrer noopener\">APPLY<\/a><\/div>\n<\/div>\n<\/div>\n\n\n\n<div class=\"wp-block-column is-layout-flow wp-block-column-is-layout-flow\" style=\"flex-basis:70%\">\n<p>We invite active and open-minded youth workers, youth leaders and activists to Erasmus+ PDA (Professional development Activity) &#8220;OUR FUTURE STARTS TODAY\u201d<\/p>\n\n\n\n<p>TYPE OF ACTIVITY: ERASMUS+ TRAINING COURSE<br>DATE: JUNE 18 &#8211; 25, 2022 (18 &amp; 25 &#8211; TRAVEL DAYS)<br>NUMBER OF PARTICIPANTS: 7 PARTICIPANTS PER COUNTRY<br>AGE: 18+ NO UPPER AGE LIMIT<br>ADDITIONAL STAY: ALLOWED, UP TO 2 DAYS (AT OWN EXPENSE)<br><\/p>\n\n\n\n<p>PARTNER ORGANIZATIONS:<br>LATVIA &#8211; KULT\u016aRAS BIEDR\u012aBA &#8220;ALTERNAT\u012aV\u0100 REALIT\u0100TE&#8221;<br>CYPRUS &#8211; YOUTH DYNAMICS<br>POLAND &#8211; Youth International Non-Formal Cultural and Educational Center &#8220;DiGrease&#8217;s<br>Buffoon Theatre&#8221;<br>NORWAY &#8211; CREATORIUM<\/p>\n\n\n\n<ul class=\"wp-block-list\">\n<li>100 % ACCOMODATION, FOOD, PROGRAMME ARE COVERED BY CO-FINANCING OF ERASMUS+ PROGRAM OF EUROPEAN UNION<br><\/li>\n\n\n\n<li>100% TRAVEL EXPENCES ARE OBJECT FOR REIMBURSEMENT AFTER A FULL PARTICIPATION IN THE PROJECT AND DISSEMINATION ACTIVITIES BY<br>PRESENTING ORGINAL TRAVELLING DOCUMENTS<br><\/li>\n\n\n\n<li>NO ANY PARTICIPATION FEE<\/li>\n<\/ul>\n\n\n\n<p>Aim: The PDA activity &#8220;OUR FUTURE STARTS TODAY&#8221; aims to expand the understanding of youth leaders, youth workers, and young people regarding the interaction of global societal issues that impact society&#8217;s development, with a particular focus on youth development.<\/p>\n\n\n\n<p>Grounded in the Sustainable Development Goals (SDGs) and the European Union (EU) Youth Goals, the project aims to jointly create new effective long-term pathways for expanding the network of youth work. It specifically targets to create a non-formal methods to support young people with fewer opportunities, including young migrants, refugees, minorities, and youngsters in rural areas, supporting them in determining their future at both personal and societal levels.<\/p>\n\n\n\n<p>Through the implementation of this project, youth workers and leaders will be equipped with a deeper understanding of the interplay between global societal issues, SDGs, and EU Youth Goals and will see issues on practical level in local community of rural area. This knowledge will enable them to guide young people in developing their personal development strategies while considering the broader challenges and opportunities in the world. By promoting active citizenship, participation, and inclusivity, the project contributes to the creation of a sustainable, inclusive, and equitable society based on European values and identity.<\/p>\n\n\n\n<p><\/p>\n<\/div>\n<\/div>\n\n\n\n<p>ERASMUS+ is a window to a big world that helps you discover new opportunities to grow and meet new friends around the world!<\/p>\n\n\n\n<p>Co-financed by the European Union. This publication reflects only the views and opinion of the author and not necessarily the opinion of the European Union, the European Commission or the National Agency (Youth International Programs Agency), which are not responsible for any use of the information contained therein.<\/p>\n\n\n\n<h6 class=\"wp-block-heading\"><\/h6>\n\n\n\n<figure class=\"wp-block-image size-large is-resized\"><img data-recalc-dims=\"1\" loading=\"lazy\" decoding=\"async\" data-attachment-id=\"7949\" data-permalink=\"https:\/\/alternativa.lv\/en\/projekti\/tu-neesi-viena-stop-vardarbibai-gimene\/1-new-lv-eu-jspa-ar\/\" data-orig-file=\"https:\/\/i0.wp.com\/alternativa.lv\/wp-content\/uploads\/2022\/10\/1-NEW-LV-EU-JSPA-AR.png?fit=1200%2C417&amp;ssl=1\" data-orig-size=\"1200,417\" data-comments-opened=\"0\" data-image-meta=\"{&quot;aperture&quot;:&quot;0&quot;,&quot;credit&quot;:&quot;&quot;,&quot;camera&quot;:&quot;&quot;,&quot;caption&quot;:&quot;&quot;,&quot;created_timestamp&quot;:&quot;0&quot;,&quot;copyright&quot;:&quot;&quot;,&quot;focal_length&quot;:&quot;0&quot;,&quot;iso&quot;:&quot;0&quot;,&quot;shutter_speed&quot;:&quot;0&quot;,&quot;title&quot;:&quot;&quot;,&quot;orientation&quot;:&quot;0&quot;}\" data-image-title=\"1 NEW LV &amp;#8211; EU JSPA AR\" data-image-description=\"\" data-image-caption=\"\" data-large-file=\"https:\/\/i0.wp.com\/alternativa.lv\/wp-content\/uploads\/2022\/10\/1-NEW-LV-EU-JSPA-AR.png?fit=800%2C278&amp;ssl=1\" src=\"https:\/\/i0.wp.com\/alternativa.lv\/wp-content\/uploads\/2022\/10\/1-NEW-LV-EU-JSPA-AR.png?resize=445%2C154&#038;ssl=1\" alt=\"\" class=\"wp-image-7949\" style=\"width:445px;height:154px\" width=\"445\" height=\"154\" srcset=\"https:\/\/i0.wp.com\/alternativa.lv\/wp-content\/uploads\/2022\/10\/1-NEW-LV-EU-JSPA-AR.png?resize=1024%2C356&amp;ssl=1 1024w, https:\/\/i0.wp.com\/alternativa.lv\/wp-content\/uploads\/2022\/10\/1-NEW-LV-EU-JSPA-AR.png?resize=300%2C104&amp;ssl=1 300w, https:\/\/i0.wp.com\/alternativa.lv\/wp-content\/uploads\/2022\/10\/1-NEW-LV-EU-JSPA-AR.png?resize=768%2C267&amp;ssl=1 768w, https:\/\/i0.wp.com\/alternativa.lv\/wp-content\/uploads\/2022\/10\/1-NEW-LV-EU-JSPA-AR.png?w=1200&amp;ssl=1 1200w\" sizes=\"auto, (max-width: 445px) 100vw, 445px\" \/><\/figure>\n","protected":false},"excerpt":{"rendered":"<p>Training course Erasmus+ for youthworkers and youthleaders June 18-25, 2022Peyia and Pano Arodes CYPRUS PLEASE READ INFO-PACK AND APPLY TILL MAY 10, 2022: We invite active and open-minded youth workers, youth leaders and activists to Erasmus+ PDA (Professional development Activity) &#8220;OUR FUTURE STARTS TODAY\u201d TYPE OF ACTIVITY: ERASMUS+ TRAINING COURSEDATE:&gt;&gt;&gt;<\/p>\n","protected":false},"author":133522584,"featured_media":10003,"comment_status":"closed","ping_status":"closed","template":"","format":"standard","meta":{"_eb_attr":"","footnotes":"","jetpack_publicize_message":"","jetpack_publicize_feature_enabled":true,"jetpack_social_post_already_shared":true,"jetpack_social_options":{"image_generator_settings":{"template":"highway","default_image_id":0,"font":"","enabled":false},"version":2},"_wpas_customize_per_network":false},"jetpack-portfolio-type":[635157322],"jetpack-portfolio-tag":[635157325,96667679,635157438,635157340,635157445,635157439,635157437],"class_list":["post-9914","jetpack-portfolio","type-jetpack-portfolio","status-publish","format-standard","has-post-thumbnail","hentry","jetpack-portfolio-type-erasmusplus","jetpack-portfolio-tag-actual","jetpack-portfolio-tag-alternatereality","jetpack-portfolio-tag-erasmusplus","jetpack-portfolio-tag-iespejasjauniesiem","jetpack-portfolio-tag-jspa","jetpack-portfolio-tag-ofst","jetpack-portfolio-tag-trainingcourse"],"translation":{"provider":"WPGlobus","version":"3.0.2","language":"en","enabled_languages":["lv","en","ru"],"languages":{"lv":{"title":true,"content":true,"excerpt":false},"en":{"title":true,"content":true,"excerpt":false},"ru":{"title":true,"content":true,"excerpt":false}}},"jetpack_publicize_connections":[],"jetpack_sharing_enabled":true,"jetpack_likes_enabled":true,"jetpack-related-posts":[{"id":12912,"url":"https:\/\/alternativa.lv\/en\/portfolio\/link-to-the-hope-erasmus-partneribu-veidosanas-aktivitate\/","url_meta":{"origin":9914,"position":0},"title":"Erasmus+ Partnership Building Activity &#8220;Link to the Hope&#8221;","author":"tesstemona","date":"15\/11\/2024","format":false,"excerpt":"{:lv} \ud83d\udcc5 Datumi: 2025. gada 3.\u20138. marts\ud83d\udccd Vieta: R\u012bga, Latvija Par projektu \"Link to the Hope\" ir Erasmus+ partner\u012bbas veido\u0161anas aktivit\u0101te (PBA), kas apvieno jaunatnes darbiniekus, NVO un organiz\u0101cijas no 9 valst\u012bm, lai veidotu ilgtermi\u0146a sadarb\u012bbu b\u0113g\u013cu un kara skarto jaunie\u0161u, \u012bpa\u0161i no Palest\u012bnas un citiem konfliktu skartajiem re\u0123ioniem, atbalstam.\u2026","rel":"","context":"Similar post","block_context":{"text":"Similar post","link":""},"img":{"alt_text":"","src":"https:\/\/i0.wp.com\/alternativa.lv\/wp-content\/uploads\/2025\/03\/LINK_TO_THE_HOPE_-1200-x-675-px.png?fit=1200%2C675&ssl=1&resize=350%2C200","width":350,"height":200,"srcset":"https:\/\/i0.wp.com\/alternativa.lv\/wp-content\/uploads\/2025\/03\/LINK_TO_THE_HOPE_-1200-x-675-px.png?fit=1200%2C675&ssl=1&resize=350%2C200 1x, https:\/\/i0.wp.com\/alternativa.lv\/wp-content\/uploads\/2025\/03\/LINK_TO_THE_HOPE_-1200-x-675-px.png?fit=1200%2C675&ssl=1&resize=525%2C300 1.5x, https:\/\/i0.wp.com\/alternativa.lv\/wp-content\/uploads\/2025\/03\/LINK_TO_THE_HOPE_-1200-x-675-px.png?fit=1200%2C675&ssl=1&resize=700%2C400 2x, https:\/\/i0.wp.com\/alternativa.lv\/wp-content\/uploads\/2025\/03\/LINK_TO_THE_HOPE_-1200-x-675-px.png?fit=1200%2C675&ssl=1&resize=1050%2C600 3x"},"classes":[]},{"id":6799,"url":"https:\/\/alternativa.lv\/en\/portfolio\/youth-exchange-occaterra-land-of-opportunities\/","url_meta":{"origin":9914,"position":1},"title":"Youth exchange &#8220;OCCATERRA: LAND OF OPPORTUNITIES&#8221;","author":"tesstemona","date":"08\/05\/2022","format":false,"excerpt":"{:lv} Jaunie\u0161u apmai\u0146a Izveido savu pasauli ar saviem likumiem! Erasmus+ jaunie\u0161u apmai\u0146a 13-17 g. Erasmus+ jaunie\u0161u apmai\u0146a 18-27.07, 2022Koknese LATVIA AICIN\u0100M TEVI UZ OKKATERRAS PASAULI: fant\u0101zijas zem\u0113, kur vienkopus past\u0101v elfi, cilv\u0113ki, orki, punduri un citplan\u0113tie\u0161i. K\u0101 nodro\u0161in\u0101t, lai tik da\u017e\u0101das rases var\u0113tu dz\u012bvot un att\u012bst\u012bties kop\u0101? K\u0101 k\u013c\u016bt par\u2026","rel":"","context":"In \"ErasmusPlusLV\"","block_context":{"text":"ErasmusPlusLV","link":"https:\/\/alternativa.lv\/en\/tag\/erasmuspluslv\/"},"img":{"alt_text":"","src":"https:\/\/i0.wp.com\/alternativa.lv\/wp-content\/uploads\/2022\/05\/OCCATERRA-2021-INFO-PACK-1447958875-1666534912751.png?fit=1200%2C675&ssl=1&resize=350%2C200","width":350,"height":200,"srcset":"https:\/\/i0.wp.com\/alternativa.lv\/wp-content\/uploads\/2022\/05\/OCCATERRA-2021-INFO-PACK-1447958875-1666534912751.png?fit=1200%2C675&ssl=1&resize=350%2C200 1x, https:\/\/i0.wp.com\/alternativa.lv\/wp-content\/uploads\/2022\/05\/OCCATERRA-2021-INFO-PACK-1447958875-1666534912751.png?fit=1200%2C675&ssl=1&resize=525%2C300 1.5x, https:\/\/i0.wp.com\/alternativa.lv\/wp-content\/uploads\/2022\/05\/OCCATERRA-2021-INFO-PACK-1447958875-1666534912751.png?fit=1200%2C675&ssl=1&resize=700%2C400 2x, https:\/\/i0.wp.com\/alternativa.lv\/wp-content\/uploads\/2022\/05\/OCCATERRA-2021-INFO-PACK-1447958875-1666534912751.png?fit=1200%2C675&ssl=1&resize=1050%2C600 3x"},"classes":[]},{"id":12918,"url":"https:\/\/alternativa.lv\/en\/portfolio\/erasmus-partnership-building-activity-link-to-the-hope\/","url_meta":{"origin":9914,"position":2},"title":"Erasmus+ Partnership Building Activity &#8220;Link to the Hope&#8221;","author":"tesstemona","date":"15\/11\/2024","format":false,"excerpt":"\ud83d\udcc5 Dates: March 3\u20138, 2025\ud83d\udccd Location: Riga, Latvia About the Project \"Link to the Hope\" is an Erasmus+ Partnership Building Activity (PBA) that brings together youth workers, NGOs, and organizations from 9 countries to establish long-term collaborations in supporting refugee youth and young migrants, particularly those affected by conflicts in\u2026","rel":"","context":"Similar post","block_context":{"text":"Similar post","link":""},"img":{"alt_text":"","src":"https:\/\/i0.wp.com\/alternativa.lv\/wp-content\/uploads\/2025\/03\/LINK_TO_THE_HOPE_-1200-x-675-px.png?fit=1200%2C675&ssl=1&resize=350%2C200","width":350,"height":200,"srcset":"https:\/\/i0.wp.com\/alternativa.lv\/wp-content\/uploads\/2025\/03\/LINK_TO_THE_HOPE_-1200-x-675-px.png?fit=1200%2C675&ssl=1&resize=350%2C200 1x, https:\/\/i0.wp.com\/alternativa.lv\/wp-content\/uploads\/2025\/03\/LINK_TO_THE_HOPE_-1200-x-675-px.png?fit=1200%2C675&ssl=1&resize=525%2C300 1.5x, https:\/\/i0.wp.com\/alternativa.lv\/wp-content\/uploads\/2025\/03\/LINK_TO_THE_HOPE_-1200-x-675-px.png?fit=1200%2C675&ssl=1&resize=700%2C400 2x, https:\/\/i0.wp.com\/alternativa.lv\/wp-content\/uploads\/2025\/03\/LINK_TO_THE_HOPE_-1200-x-675-px.png?fit=1200%2C675&ssl=1&resize=1050%2C600 3x"},"classes":[]},{"id":13222,"url":"https:\/\/alternativa.lv\/en\/portfolio\/baltais-fenikss-erasmus-jauniesu-apmaina-2-dalas\/","url_meta":{"origin":9914,"position":3},"title":"White Phoenix: 2-parts youth exchange","author":"tesstemona","date":"06\/06\/2025","format":false,"excerpt":"{:lv} 19.06.-27.06.2025. - LATVIJA25.07.-04.08.2025. - KIPRA PIETEIKTIES Kas var piedal\u012bties? Jaunie\u0161i no Latvijas, Igaunijas un Kipras, vecum\u0101 13-17 gadi, kas ir gatavi iegrimt cit\u0101 realit\u0101t\u0113, atkl\u0101t savas sl\u0113pt\u0101s sp\u0113jas un veidot sp\u0113c\u012bgas saites ar citiem varo\u0146iem! Lab\u0101k\u0101 da\u013ca? \ud83d\udcaf Dal\u012bba ir piln\u012bb\u0101 bezmaksas!Pateicoties Erasmus+ programmai, visi ce\u013ca, \u0113din\u0101\u0161anas, dz\u012bvo\u0161anas un\u2026","rel":"","context":"Similar post","block_context":{"text":"Similar post","link":""},"img":{"alt_text":"","src":"https:\/\/i0.wp.com\/alternativa.lv\/wp-content\/uploads\/2025\/06\/WHITE-PHOENIX-INFO-PACK-2-PARTS-1200-x-675-px.png?fit=1200%2C675&ssl=1&resize=350%2C200","width":350,"height":200,"srcset":"https:\/\/i0.wp.com\/alternativa.lv\/wp-content\/uploads\/2025\/06\/WHITE-PHOENIX-INFO-PACK-2-PARTS-1200-x-675-px.png?fit=1200%2C675&ssl=1&resize=350%2C200 1x, https:\/\/i0.wp.com\/alternativa.lv\/wp-content\/uploads\/2025\/06\/WHITE-PHOENIX-INFO-PACK-2-PARTS-1200-x-675-px.png?fit=1200%2C675&ssl=1&resize=525%2C300 1.5x, https:\/\/i0.wp.com\/alternativa.lv\/wp-content\/uploads\/2025\/06\/WHITE-PHOENIX-INFO-PACK-2-PARTS-1200-x-675-px.png?fit=1200%2C675&ssl=1&resize=700%2C400 2x, https:\/\/i0.wp.com\/alternativa.lv\/wp-content\/uploads\/2025\/06\/WHITE-PHOENIX-INFO-PACK-2-PARTS-1200-x-675-px.png?fit=1200%2C675&ssl=1&resize=1050%2C600 3x"},"classes":[]},{"id":13426,"url":"https:\/\/alternativa.lv\/en\/portfolio\/pulse-of-life-training-course-erasmus\/","url_meta":{"origin":9914,"position":4},"title":"PULSE OF LIFE, Training course Erasmus+","author":"tesstemona","date":"11\/09\/2025","format":false,"excerpt":"03.10.10.2025., CYPRUS, PANO ARODES Are you a youth worker or leader who wants to strengthen your skills, reduce burnout, and restore energy in working with young people? The Pulse of Life 2025 project is made for you! Who we are Pulse of Life 2025 continues our successful 2024 initiative \u2013\u2026","rel":"","context":"Similar post","block_context":{"text":"Similar post","link":""},"img":{"alt_text":"","src":"https:\/\/i0.wp.com\/alternativa.lv\/wp-content\/uploads\/2024\/11\/LOGO-SET_JSPA-EU-ED-AR-ENG-COLOR-1.png?resize=350%2C200&ssl=1","width":350,"height":200,"srcset":"https:\/\/i0.wp.com\/alternativa.lv\/wp-content\/uploads\/2024\/11\/LOGO-SET_JSPA-EU-ED-AR-ENG-COLOR-1.png?resize=350%2C200&ssl=1 1x, https:\/\/i0.wp.com\/alternativa.lv\/wp-content\/uploads\/2024\/11\/LOGO-SET_JSPA-EU-ED-AR-ENG-COLOR-1.png?resize=525%2C300&ssl=1 1.5x, https:\/\/i0.wp.com\/alternativa.lv\/wp-content\/uploads\/2024\/11\/LOGO-SET_JSPA-EU-ED-AR-ENG-COLOR-1.png?resize=700%2C400&ssl=1 2x, https:\/\/i0.wp.com\/alternativa.lv\/wp-content\/uploads\/2024\/11\/LOGO-SET_JSPA-EU-ED-AR-ENG-COLOR-1.png?resize=1050%2C600&ssl=1 3x, https:\/\/i0.wp.com\/alternativa.lv\/wp-content\/uploads\/2024\/11\/LOGO-SET_JSPA-EU-ED-AR-ENG-COLOR-1.png?resize=1400%2C800&ssl=1 4x"},"classes":[]},{"id":12484,"url":"https:\/\/alternativa.lv\/en\/portfolio\/digitart-erasmus-youth-exchange\/","url_meta":{"origin":9914,"position":5},"title":"DIGITART, Erasmus+ Youth Exchange","author":"tesstemona","date":"29\/06\/2024","format":false,"excerpt":"{:lv} 21.10.-28.10.2024. CYPRUS, PANO ARODES AIM OF THE PROJECTThe DigitArts Youth Exchange project aims to empower young peoplethrough the development of digital skills and the promotion of Europeanvalues. By leveraging digital art and media, the project seeks to fostertolerance, inclusion, and active citizenship among participants fromdiverse backgrounds, particularly those with\u2026","rel":"","context":"Similar post","block_context":{"text":"Similar post","link":""},"img":{"alt_text":"","src":"https:\/\/i0.wp.com\/alternativa.lv\/wp-content\/uploads\/2024\/06\/Copy-of-DigitART-2024-Info-pack-1200-x-675-px.png?fit=1200%2C675&ssl=1&resize=350%2C200","width":350,"height":200,"srcset":"https:\/\/i0.wp.com\/alternativa.lv\/wp-content\/uploads\/2024\/06\/Copy-of-DigitART-2024-Info-pack-1200-x-675-px.png?fit=1200%2C675&ssl=1&resize=350%2C200 1x, https:\/\/i0.wp.com\/alternativa.lv\/wp-content\/uploads\/2024\/06\/Copy-of-DigitART-2024-Info-pack-1200-x-675-px.png?fit=1200%2C675&ssl=1&resize=525%2C300 1.5x, https:\/\/i0.wp.com\/alternativa.lv\/wp-content\/uploads\/2024\/06\/Copy-of-DigitART-2024-Info-pack-1200-x-675-px.png?fit=1200%2C675&ssl=1&resize=700%2C400 2x, https:\/\/i0.wp.com\/alternativa.lv\/wp-content\/uploads\/2024\/06\/Copy-of-DigitART-2024-Info-pack-1200-x-675-px.png?fit=1200%2C675&ssl=1&resize=1050%2C600 3x"},"classes":[]}],"amp_enabled":true,"_links":{"self":[{"href":"https:\/\/alternativa.lv\/en\/wp-json\/wp\/v2\/jetpack-portfolio\/9914","targetHints":{"allow":["GET"]}}],"collection":[{"href":"https:\/\/alternativa.lv\/en\/wp-json\/wp\/v2\/jetpack-portfolio"}],"about":[{"href":"https:\/\/alternativa.lv\/en\/wp-json\/wp\/v2\/types\/jetpack-portfolio"}],"author":[{"embeddable":true,"href":"https:\/\/alternativa.lv\/en\/wp-json\/wp\/v2\/users\/133522584"}],"replies":[{"embeddable":true,"href":"https:\/\/alternativa.lv\/en\/wp-json\/wp\/v2\/comments?post=9914"}],"version-history":[{"count":42,"href":"https:\/\/alternativa.lv\/en\/wp-json\/wp\/v2\/jetpack-portfolio\/9914\/revisions"}],"predecessor-version":[{"id":10296,"href":"https:\/\/alternativa.lv\/en\/wp-json\/wp\/v2\/jetpack-portfolio\/9914\/revisions\/10296"}],"wp:featuredmedia":[{"embeddable":true,"href":"https:\/\/alternativa.lv\/en\/wp-json\/wp\/v2\/media\/10003"}],"wp:attachment":[{"href":"https:\/\/alternativa.lv\/en\/wp-json\/wp\/v2\/media?parent=9914"}],"wp:term":[{"taxonomy":"jetpack-portfolio-type","embeddable":true,"href":"https:\/\/alternativa.lv\/en\/wp-json\/wp\/v2\/jetpack-portfolio-type?post=9914"},{"taxonomy":"jetpack-portfolio-tag","embeddable":true,"href":"https:\/\/alternativa.lv\/en\/wp-json\/wp\/v2\/jetpack-portfolio-tag?post=9914"}],"curies":[{"name":"wp","href":"https:\/\/api.w.org\/{rel}","templated":true}]}}